{"id":1209,"date":"2019-05-21T17:34:29","date_gmt":"2019-05-21T15:34:29","guid":{"rendered":"http:\/\/choeur-strasbourg.eu\/accueil\/"},"modified":"2026-01-16T15:15:20","modified_gmt":"2026-01-16T14:15:20","slug":"accueil-2","status":"publish","type":"page","link":"https:\/\/choeur-strasbourg.eu\/en\/","title":{"rendered":"Accueil"},"content":{"rendered":"<p>[et_pb_section fb_built=&#8221;1&#8243; admin_label=&#8221;Section&#8221; _builder_version=&#8221;4.10.7&#8243; background_color=&#8221;#FDE7DC&#8221; custom_margin=&#8221;||0px||false|false&#8221; custom_padding=&#8221;35px||9px||false|false&#8221; z_index_tablet=&#8221;500&#8243; box_shadow_horizontal_tablet=&#8221;0px&#8221; box_shadow_vertical_tablet=&#8221;0px&#8221; box_shadow_blur_tablet=&#8221;40px&#8221; box_shadow_spread_tablet=&#8221;0px&#8221; collapsed=&#8221;off&#8221; global_colors_info=&#8221;{}&#8221;][et_pb_row _builder_version=&#8221;4.10.7&#8243; custom_margin=&#8221;0px||0px||false|false&#8221; custom_padding=&#8221;0px|0px|0px|||&#8221; z_index_tablet=&#8221;500&#8243; box_shadow_horizontal_tablet=&#8221;0px&#8221; box_shadow_vertical_tablet=&#8221;0px&#8221; box_shadow_blur_tablet=&#8221;40px&#8221; box_shadow_spread_tablet=&#8221;0px&#8221; collapsed=&#8221;off&#8221; global_colors_info=&#8221;{}&#8221;][et_pb_column type=&#8221;4_4&#8243; _builder_version=&#8221;3.0.47&#8243; custom_padding=&#8221;0px||0px|&#8221; global_colors_info=&#8221;{}&#8221; custom_padding__hover=&#8221;|||&#8221;][et_pb_slider admin_label=&#8221;Diapo&#8221; _builder_version=&#8221;4.10.7&#8243; _module_preset=&#8221;default&#8221; transform_scale=&#8221;120%|120%&#8221; min_height=&#8221;389px&#8221; custom_margin=&#8221;10px|0px|10px|0px|false|false&#8221; custom_padding=&#8221;0px|0px|23px|0px|false|false&#8221; animation_direction=&#8221;left&#8221; auto=&#8221;on&#8221; auto_speed=&#8221;6000&#8243; hover_transition_duration=&#8221;0ms&#8221; hover_transition_speed_curve=&#8221;linear&#8221; scroll_horizontal_motion=&#8221;0|75|75|100|4|0|-4&#8243; hover_enabled=&#8221;0&#8243; global_colors_info=&#8221;{}&#8221; custom_padding__hover_enabled=&#8221;on|desktop&#8221; sticky_enabled=&#8221;0&#8243;][et_pb_slide button_link=&#8221;https:\/\/choeur-strasbourg.eu\/events\/concert-de-noel-strasbourg\/%20&#8243; _builder_version=&#8221;4.10.7&#8243; _module_preset=&#8221;default&#8221; background_color=&#8221;RGBA(0,0,0,0)&#8221; background_enable_color=&#8221;on&#8221; global_colors_info=&#8221;{}&#8221; sticky_transition=&#8221;on&#8221;]<\/p>\n<p><img loading=\"lazy\" decoding=\"async\" class=\"wp-image-6721 alignnone size-full\" src=\"https:\/\/choeur-strasbourg.eu\/wp-content\/uploads\/2024\/12\/coverChoeur-philharmonique-de-Strasbourg_Cathedrale_de_Strasbourg.png\" alt=\"\" width=\"2672\" height=\"990\" srcset=\"https:\/\/choeur-strasbourg.eu\/wp-content\/uploads\/2024\/12\/coverChoeur-philharmonique-de-Strasbourg_Cathedrale_de_Strasbourg.png 2672w, https:\/\/choeur-strasbourg.eu\/wp-content\/uploads\/2024\/12\/coverChoeur-philharmonique-de-Strasbourg_Cathedrale_de_Strasbourg-1280x474.png 1280w, https:\/\/choeur-strasbourg.eu\/wp-content\/uploads\/2024\/12\/coverChoeur-philharmonique-de-Strasbourg_Cathedrale_de_Strasbourg-980x363.png 980w, https:\/\/choeur-strasbourg.eu\/wp-content\/uploads\/2024\/12\/coverChoeur-philharmonique-de-Strasbourg_Cathedrale_de_Strasbourg-480x178.png 480w\" sizes=\"auto, (min-width: 0px) and (max-width: 480px) 480px, (min-width: 481px) and (max-width: 980px) 980px, (min-width: 981px) and (max-width: 1280px) 1280px, (min-width: 1281px) 2672px, 100vw\" \/><\/p>\n<p>[\/et_pb_slide][et_pb_slide _builder_version=&#8221;4.10.7&#8243; _module_preset=&#8221;default&#8221; background_color=&#8221;#FDE7DC&#8221; background_enable_color=&#8221;on&#8221; global_colors_info=&#8221;{}&#8221; sticky_transition=&#8221;on&#8221;]<\/p>\n<p><img loading=\"lazy\" decoding=\"async\" class=\"wp-image-5306 size-full\" src=\"https:\/\/choeur-strasbourg.eu\/wp-content\/uploads\/2023\/04\/StPaul_Site-Cover-scaled.jpg\" alt=\"\" width=\"2560\" height=\"1023\" data-wp-editing=\"1\" srcset=\"https:\/\/choeur-strasbourg.eu\/wp-content\/uploads\/2023\/04\/StPaul_Site-Cover-scaled.jpg 2560w, https:\/\/choeur-strasbourg.eu\/wp-content\/uploads\/2023\/04\/StPaul_Site-Cover-1280x512.jpg 1280w, https:\/\/choeur-strasbourg.eu\/wp-content\/uploads\/2023\/04\/StPaul_Site-Cover-980x392.jpg 980w, https:\/\/choeur-strasbourg.eu\/wp-content\/uploads\/2023\/04\/StPaul_Site-Cover-480x192.jpg 480w\" sizes=\"auto, (min-width: 0px) and (max-width: 480px) 480px, (min-width: 481px) and (max-width: 980px) 980px, (min-width: 981px) and (max-width: 1280px) 1280px, (min-width: 1281px) 2560px, 100vw\" \/><\/p>\n<p>[\/et_pb_slide][et_pb_slide _builder_version=&#8221;4.10.7&#8243; _module_preset=&#8221;default&#8221; background_color=&#8221;#FDE7DC&#8221; background_enable_color=&#8221;on&#8221; global_colors_info=&#8221;{}&#8221; sticky_transition=&#8221;on&#8221;]<\/p>\n<p><img loading=\"lazy\" decoding=\"async\" class=\"alignnone wp-image-6674 size-full\" src=\"https:\/\/choeur-strasbourg.eu\/wp-content\/uploads\/2024\/11\/Catherine-Bolzingert-Facebook-Cover-1.png\" alt=\"\" width=\"2554\" height=\"979\" srcset=\"https:\/\/choeur-strasbourg.eu\/wp-content\/uploads\/2024\/11\/Catherine-Bolzingert-Facebook-Cover-1.png 2554w, https:\/\/choeur-strasbourg.eu\/wp-content\/uploads\/2024\/11\/Catherine-Bolzingert-Facebook-Cover-1-1280x491.png 1280w, https:\/\/choeur-strasbourg.eu\/wp-content\/uploads\/2024\/11\/Catherine-Bolzingert-Facebook-Cover-1-980x376.png 980w, https:\/\/choeur-strasbourg.eu\/wp-content\/uploads\/2024\/11\/Catherine-Bolzingert-Facebook-Cover-1-480x184.png 480w\" sizes=\"auto, (min-width: 0px) and (max-width: 480px) 480px, (min-width: 481px) and (max-width: 980px) 980px, (min-width: 981px) and (max-width: 1280px) 1280px, (min-width: 1281px) 2554px, 100vw\" \/><\/p>\n<p>[\/et_pb_slide][\/et_pb_slider][\/et_pb_column][\/et_pb_row][\/et_pb_section][et_pb_section fb_built=&#8221;1&#8243; custom_padding_last_edited=&#8221;on|tablet&#8221; module_class=&#8221;orangeMotif&#8221; _builder_version=&#8221;3.22.7&#8243; background_color=&#8221;#fde7dc&#8221; background_image=&#8221;https:\/\/choeur-strasbourg.eu\/wp-content\/uploads\/2019\/05\/motif-blanc4.svg&#8221; background_size=&#8221;initial&#8221; background_position=&#8221;bottom_left&#8221; inner_width_tablet=&#8221;50px&#8221; inner_max_width_tablet=&#8221;50px&#8221; custom_margin_last_edited=&#8221;off|desktop&#8221; custom_padding_tablet=&#8221;0px||0px|&#8221; custom_padding_phone=&#8221;&#8221; z_index_tablet=&#8221;500&#8243; global_colors_info=&#8221;{}&#8221;][et_pb_row column_structure=&#8221;1_3,1_3,1_3&#8243; use_custom_gutter=&#8221;on&#8221; make_equal=&#8221;on&#8221; _builder_version=&#8221;4.10.7&#8243; min_height=&#8221;1053.4px&#8221; custom_margin=&#8221;-2px|auto||auto||&#8221; custom_padding=&#8221;15px|||||&#8221; z_index_tablet=&#8221;500&#8243; global_colors_info=&#8221;{}&#8221;][et_pb_column type=&#8221;1_3&#8243; _builder_version=&#8221;3.0.47&#8243; custom_padding=&#8221;|||&#8221; global_colors_info=&#8221;{}&#8221; custom_padding__hover=&#8221;|||&#8221;][et_pb_text admin_label=&#8221;vivez l&#8217;\u00e9motion&#8221; _builder_version=&#8221;4.4.8&#8243; custom_margin_tablet=&#8221;||20px|&#8221; custom_margin_phone=&#8221;20px||20px|||&#8221; custom_margin_last_edited=&#8221;on|phone&#8221; z_index_tablet=&#8221;500&#8243; global_colors_info=&#8221;{}&#8221;]<\/p>\n<h3>Actualit\u00e9s<\/h3>\n<p>[\/et_pb_text][et_pb_blog posts_number=&#8221;2&#8243; include_categories=&#8221;16&#8243; meta_date=&#8221;j M Y&#8221; use_manual_excerpt=&#8221;off&#8221; excerpt_length=&#8221;0&#8243; show_author=&#8221;off&#8221; show_date=&#8221;off&#8221; show_categories=&#8221;off&#8221; show_excerpt=&#8221;off&#8221; show_pagination=&#8221;off&#8221; admin_label=&#8221;derni\u00e8re actualit\u00e9&#8221; module_class=&#8221;agendaHome&#8221; _builder_version=&#8221;4.4.8&#8243; body_line_height=&#8221;1.4em&#8221; background_color=&#8221;#ffffff&#8221; custom_padding=&#8221;15px|15px|10px|15px&#8221; z_index_tablet=&#8221;500&#8243; header_text_shadow_horizontal_length_tablet=&#8221;0px&#8221; header_text_shadow_vertical_length_tablet=&#8221;0px&#8221; header_text_shadow_blur_strength_tablet=&#8221;1px&#8221; body_text_shadow_horizontal_length_tablet=&#8221;0px&#8221; body_text_shadow_vertical_length_tablet=&#8221;0px&#8221; body_text_shadow_blur_strength_tablet=&#8221;1px&#8221; meta_text_shadow_horizontal_length_tablet=&#8221;0px&#8221; meta_text_shadow_vertical_length_tablet=&#8221;0px&#8221; meta_text_shadow_blur_strength_tablet=&#8221;1px&#8221; read_more_text_shadow_horizontal_length_tablet=&#8221;0px&#8221; read_more_text_shadow_vertical_length_tablet=&#8221;0px&#8221; read_more_text_shadow_blur_strength_tablet=&#8221;1px&#8221; pagination_text_shadow_horizontal_length_tablet=&#8221;0px&#8221; pagination_text_shadow_vertical_length_tablet=&#8221;0px&#8221; pagination_text_shadow_blur_strength_tablet=&#8221;1px&#8221; body_link_text_shadow_horizontal_length_tablet=&#8221;0px&#8221; body_link_text_shadow_vertical_length_tablet=&#8221;0px&#8221; body_link_text_shadow_blur_strength_tablet=&#8221;1px&#8221; body_ul_text_shadow_horizontal_length_tablet=&#8221;0px&#8221; body_ul_text_shadow_vertical_length_tablet=&#8221;0px&#8221; body_ul_text_shadow_blur_strength_tablet=&#8221;1px&#8221; body_ol_text_shadow_horizontal_length_tablet=&#8221;0px&#8221; body_ol_text_shadow_vertical_length_tablet=&#8221;0px&#8221; body_ol_text_shadow_blur_strength_tablet=&#8221;1px&#8221; body_quote_text_shadow_horizontal_length_tablet=&#8221;0px&#8221; body_quote_text_shadow_vertical_length_tablet=&#8221;0px&#8221; body_quote_text_shadow_blur_strength_tablet=&#8221;1px&#8221; box_shadow_horizontal_tablet=&#8221;0px&#8221; box_shadow_vertical_tablet=&#8221;0px&#8221; box_shadow_blur_tablet=&#8221;40px&#8221; box_shadow_spread_tablet=&#8221;0px&#8221; box_shadow_horizontal_image_tablet=&#8221;0px&#8221; box_shadow_vertical_image_tablet=&#8221;0px&#8221; box_shadow_blur_image_tablet=&#8221;40px&#8221; box_shadow_spread_image_tablet=&#8221;0px&#8221; text_shadow_horizontal_length_tablet=&#8221;0px&#8221; text_shadow_vertical_length_tablet=&#8221;0px&#8221; text_shadow_blur_strength_tablet=&#8221;1px&#8221; global_colors_info=&#8221;{}&#8221;][\/et_pb_blog][et_pb_button button_url=&#8221;https:\/\/choeur-strasbourg.eu\/actualites\/&#8221; button_text=&#8221;Toutes les actualit\u00e9s&#8221; admin_label=&#8221;bouton actualit\u00e9s&#8221; module_class=&#8221;bouton00&#8243; _builder_version=&#8221;3.22.7&#8243; custom_button=&#8221;on&#8221; button_text_color=&#8221;#ea5b0c&#8221; button_border_color=&#8221;#ea5b0c&#8221; button_icon=&#8221;%%20%%&#8221; button_icon_color=&#8221;#ffffff&#8221; custom_margin=&#8221;20px|||&#8221; custom_padding=&#8221;4px|||||&#8221; animation_style=&#8221;fade&#8221; z_index_tablet=&#8221;500&#8243; global_colors_info=&#8221;{}&#8221;][\/et_pb_button][\/et_pb_column][et_pb_column type=&#8221;1_3&#8243; _builder_version=&#8221;3.0.47&#8243; custom_padding=&#8221;|||&#8221; global_colors_info=&#8221;{}&#8221; custom_padding__hover=&#8221;|||&#8221;][et_pb_text admin_label=&#8221;Agenda&#8221; _builder_version=&#8221;3.27.4&#8243; custom_margin_tablet=&#8221;||20px|&#8221; custom_margin_phone=&#8221;&#8221; custom_margin_last_edited=&#8221;on|tablet&#8221; z_index_tablet=&#8221;500&#8243; box_shadow_horizontal_tablet=&#8221;0px&#8221; box_shadow_vertical_tablet=&#8221;0px&#8221; box_shadow_blur_tablet=&#8221;40px&#8221; box_shadow_spread_tablet=&#8221;0px&#8221; global_colors_info=&#8221;{}&#8221;]<\/p>\n<h3>Agenda<\/h3>\n<p>[\/et_pb_text][et_pb_code admin_label=&#8221;Code agenda &#8211; 2 dates&#8221; module_class=&#8221;agendaHome&#8221; _builder_version=&#8221;4.4.5&#8243; z_index_tablet=&#8221;500&#8243; global_colors_info=&#8221;{}&#8221;]<div id='evcal_calendar_393' class='ajde_evcal_calendar boxy boxstyle1 box_1 evoEL' ><div class='evo-data' data-cyear=\"2027\" data-cmonth=\"6\" data-runajax=\"1\" data-evc_open=\"0\" data-cal_ver=\"2.6.17\" data-mapscroll=\"true\" data-mapformat=\"roadmap\" data-mapzoom=\"18\" data-mapiconurl=\"\" data-ev_cnt=\"2\" data-show_limit=\"no\" data-tiles=\"yes\" data-sort_by=\"sort_date\" data-filters_on=\"false\" data-range_start=\"1777478946\" data-range_end=\"1814399999\" data-send_unix=\"1\" data-ux_val=\"3\" data-accord=\"0\" data-rtl=\"no\"  ><\/div><div id='evcal_head' class='calendar_header ' ><div class='evo_cal_above_content'><\/div><div class='cal_arguments' style='display:none' data-hide_past=\"no\" data-show_et_ft_img=\"no\" data-event_order=\"ASC\" data-ft_event_priority=\"no\" data-lang=\"L1\" data-month_incre=\"0\" data-only_ft=\"no\" data-hide_ft=\"no\" data-evc_open=\"no\" data-show_limit=\"no\" data-etc_override=\"no\" data-show_limit_redir=\"0\" data-tiles=\"yes\" data-tile_height=\"0\" data-tile_bg=\"1\" data-tile_count=\"1\" data-tile_style=\"1\" data-s=\"\" data-members_only=\"no\" data-ux_val=\"3\" data-show_limit_ajax=\"no\" data-show_limit_paged=\"1\" data-hide_mult_occur=\"no\" data-show_repeats=\"no\" data-hide_end_time=\"no\" data-users=\"all\" data-sep_month=\"no\" data-number_of_months=\"15\" ><\/div><div class='clear'><\/div><\/div><div class='eventon_sorting_section' style='display:none'><div class='eventon_filter_line '><div class='eventon_filter' data-filter_field='event_type' data-filter_val='all' data-filter_type='tax' data-fl_o='IN'><\/div><div class='eventon_filter' data-filter_field='event_type_2' data-filter_val='all' data-filter_type='tax' data-fl_o='IN'><\/div><div class='eventon_filter' data-filter_field='event_type_3' data-filter_val='all' data-filter_type='tax' data-fl_o='IN'><\/div><div class='eventon_filter' data-filter_field='event_type_4' data-filter_val='all' data-filter_type='tax' data-fl_o='IN'><\/div><div class='eventon_filter' data-filter_field='event_type_5' data-filter_val='all' data-filter_type='tax' data-fl_o='IN'><\/div><div class='eventon_filter' data-filter_field='event_location' data-filter_val='all' data-filter_type='tax' data-fl_o='IN'><\/div><div class='eventon_filter' data-filter_field='event_organizer' data-filter_val='all' data-filter_type='tax' data-fl_o='IN'><\/div><\/div><div class='clear'><\/div><\/div><div id='eventon_loadbar_section'><div id='eventon_loadbar'><\/div><\/div><div id='evcal_list' class='eventon_events_list'><div id=\"event_7126\" class=\"eventon_list_event evo_eventtop  event hasbgimg event_7126_0\" data-event_id=\"7126\" data-ri=\"0r\" data-time=\"1778702400-1778716200\" data-colr=\"#ea5a0c\" itemscope itemtype='http:\/\/schema.org\/Event'><div class=\"evo_boxtop\" style=\"background-image: url(https:\/\/choeur-strasbourg.eu\/wp-content\/uploads\/2025\/09\/Flyer-repete-commentee-148x148-1-scaled.jpg); background-color:#ea5a0c;height:200px;\"><\/div><div class=\"evo_event_schema\" style=\"display:none\" ><a itemprop='url'  href='https:\/\/choeur-strasbourg.eu\/en\/events\/bohemian-rhapsodies-repetition-commentee\/'><\/a><span itemprop='name'  >Rhapsodies boh\u00e9miennes - r\u00e9p\u00e9tition comment\u00e9e<\/span><meta itemprop='image' content='https:\/\/choeur-strasbourg.eu\/wp-content\/uploads\/2025\/09\/Flyer-repete-commentee-148x148-1-scaled.jpg' \/><meta itemprop='description' content='\u00c0 l\u2019occasion de la prochaine r\u00e9p\u00e9tition comment\u00e9e du Choeur philharmonique de Strasbourg, Catherine Bolzinger vous emm\u00e8nera dans les d\u00e9tours de ses Rhapsodies Boh\u00e9miennes, anecdotes \u00e0 la cl\u00e9 et d\u00e9monstrations live' \/><meta itemprop='startDate' content='2026-5-13T20:00' \/><meta itemprop='endDate' content='2026-5-13T23:50' \/><meta itemprop='eventStatus' content='on-schedule' \/>\n\t\t\t\t\t\t\t\t\t<item style=\"display:none\" itemprop=\"location\" itemscope itemtype=\"http:\/\/schema.org\/Place\">\n\t\t\t\t\t\t\t\t\t\t<span itemprop=\"name\">Temple Neuf<\/span>\n\t\t\t\t\t\t\t\t\t\t<span itemprop=\"address\" itemscope itemtype=\"http:\/\/schema.org\/PostalAddress\">\n\t\t\t\t\t\t\t\t\t\t\t<item itemprop=\"streetAddress\">Place du temple neuf <\/item>\n\t\t\t\t\t\t\t\t\t\t<\/span><\/item><script type=\"application\/ld+json\">{\t\"@context\": \"http:\/\/schema.org\",\n\t\t\t\t\t\t\t  \t\"@type\": \"Event\",\n\t\t\t\t\t\t\t  \t\"name\": \"Rhapsodies boh\u00e9miennes - r\u00e9p\u00e9tition comment\u00e9e\",\n\t\t\t\t\t\t\t  \t\"startDate\": \"2026-5-13T20-20-00-00\",\n\t\t\t\t\t\t\t  \t\"endDate\": \"2026-5-13T23-23-50-00\",\n\t\t\t\t\t\t\t  \t\"image\":\"https:\/\/choeur-strasbourg.eu\/wp-content\/uploads\/2025\/09\/Flyer-repete-commentee-148x148-1-scaled.jpg\",\n\t\t\t\t\t\t\t  \t\"description\":\"\u00c0 l\u2019occasion de la prochaine r\u00e9p\u00e9tition comment\u00e9e du Choeur philharmonique de Strasbourg, Catherine Bolzinger vous emm\u00e8nera dans les d\u00e9tours de ses Rhapsodies Boh\u00e9miennes, anecdotes \u00e0 la cl\u00e9 et d\u00e9monstrations live\",\n\t\t\t\t\t\t\t  \t\"location\":{\n\t\t\t\t\t\t\t\t\t\t\"@type\":\"Place\",\n\t\t\t\t\t\t\t\t\t\t\"name\":\"Temple Neuf\",\n\t\t\t\t\t\t\t\t\t\t\"address\":\"Place du temple neuf \"\n\t\t\t\t\t\t\t  \t\t}\n\t\t\t\t\t\t\t }<\/script><\/div>\n\t\t\t\t<p class=\"desc_trig_outter\"><a data-gmtrig=\"1\" data-exlk=\"0\" style=\"border-color: #ea5a0c;padding-top: 215px;height: 310px;\" id=\"evc_17787024007126\" class=\"desc_trig sin_val evcal_list_a\" data-ux_val=\"3\"  ><span class='evcal_cblock ' data-bgcolor='#ea5a0c' data-smon='mai' data-syr='2026'><span class='evo_start '><em class='date'>13<\/em><em class='month'>mai<\/em><em class='time'>20 h 00 min<\/em><\/span><em class='clear'><\/em><\/span><span class='evcal_desc evo_info hide_eventtopdata '  data-location_address=\"Place du temple neuf \" data-location_type=\"address\" data-location_name=\"Temple Neuf\" data-location_status=\"true\" ><span class='evo_above_title'><\/span><span class='evcal_desc2 evcal_event_title' itemprop='name'>Rhapsodies boh\u00e9miennes - r\u00e9p\u00e9tition comment\u00e9e<\/span><span class='evo_below_title'><\/span><span class='evcal_desc_info' ><em class=\"evcal_location\"  data-add_str=\"\"><em class=\"event_location_name\">Temple Neuf<\/em><\/em><\/span><span class='evcal_desc3'><\/span><\/span><em class='clear'><\/em><\/a><\/p><div class='event_description evcal_eventcard ' style=\"display:none\"><div class='evo_metarow_directimg'><img src='https:\/\/choeur-strasbourg.eu\/wp-content\/uploads\/2025\/09\/Flyer-repete-commentee-148x148-1-scaled.jpg' \/><\/div><div class='evo_metarow_details evorow evcal_evdata_row bordb evcal_event_details'>\n\t\t\t\t\t\t\t<div class=\"event_excerpt\" style=\"display:none\"><h3 class=\"padb5 evo_h3\">Informations<\/h3><p>\u00c0 l\u2019occasion de la prochaine r\u00e9p\u00e9tition comment\u00e9e du Choeur philharmonique de Strasbourg, Catherine Bolzinger vous emm\u00e8nera dans les d\u00e9tours de ses Rhapsodies Boh\u00e9miennes, anecdotes \u00e0 la cl\u00e9 et d\u00e9monstrations live<\/p><\/div><span class='evcal_evdata_icons'><i class='fa fa-commenting'><\/i><\/span>\n\t\t\t\t\t\t\t\n\t\t\t\t\t\t\t<div class='evcal_evdata_cell shorter_desc'><div class='eventon_details_shading_bot'>\n\t\t\t\t\t\t\t\t<p class='eventon_shad_p' content='less'><span class='ev_more_text' data-txt='Fermer'>Lire la suite<\/span><span class='ev_more_arrow'><\/span><\/p>\n\t\t\t\t\t\t\t<\/div><div class='eventon_full_description'>\n\t\t\t\t\t\t\t\t\t<h3 class='padb5 evo_h3'><span class='evcal_evdata_icons'><i class='fa fa-commenting'><\/i><\/span>Informations<\/h3><div class='eventon_desc_in' itemprop='description'>\n\t\t\t\t\t\t\t\t\t<p>\u00c0 l\u2019occasion de la prochaine r\u00e9p\u00e9tition comment\u00e9e du Choeur philharmonique de Strasbourg, Catherine Bolzinger vous emm\u00e8nera dans les d\u00e9tours de ses Rhapsodies Boh\u00e9miennes, anecdotes \u00e0 la cl\u00e9 et d\u00e9monstrations live par les 60 choristes.<\/p>\n<div class=\"CampaignPresentation Card\" data-testid=\"campaign-presentation\">\n<div class=\"GeneratedContentWrapper\">\n<div class=\"'GeneratedContent\">\n<p>Traditionnelle cerise de la soir\u00e9e, vous serez invit\u00e9(e) \u00e0 rejoindre les choristes sur le plateau pour une immersion finale dans les vibrations romantiques de cette soir\u00e9e boh\u00e9mienne.<\/p>\n<\/div>\n<\/div>\n<\/div>\n<a href='https:\/\/www.helloasso.com\/associations\/choeur-philharmonique-de-strasbourg\/evenements\/rhapsodies-bohemiennes-repetition-commentee-par-catherine-bolzinger' class='small-button smallblue' target=\"_blank\">Gratuit sur inscription<\/a>\n<\/div><div class='clear'><\/div>\n\t\t\t\t\t\t\t\t<\/div>\n\t\t\t\t\t\t\t<\/div>\n\t\t\t\t\t\t<\/div><div class='evo_metarow_time_location evorow bordb '>\n\t\t\t\t\t\t<div class='tb' >\n\t\t\t\t\t\t\t<div class='tbrow'>\n\t\t\t\t\t\t\t<div class='evcal_col50 bordr'>\n\t\t\t\t\t\t\t\t<div class='evcal_evdata_row evo_time'>\n\t\t\t\t\t\t\t\t\t<span class='evcal_evdata_icons'><i class='fa fa-clock-o'><\/i><\/span>\n\t\t\t\t\t\t\t\t\t<div class='evcal_evdata_cell'>\t\t\t\t\t\t\t\n\t\t\t\t\t\t\t\t\t\t<h3 class='evo_h3'><span class='evcal_evdata_icons'><i class='fa fa-clock-o'><\/i><\/span>horaires<\/h3>\n\t\t\t\t\t\t\t\t\t\t<p>(Mercredi) 20 h 00 min<\/p>\n\t\t\t\t\t\t\t\t\t<\/div>\n\t\t\t\t\t\t\t\t<\/div>\n\t\t\t\t\t\t\t<\/div><div class='evcal_col50'>\n\t\t\t\t\t\t\t\t<div class='evcal_evdata_row evo_location'>\n\t\t\t\t\t\t\t\t\t<span class='evcal_evdata_icons'><i class='fa fa-map-marker'><\/i><\/span>\n\t\t\t\t\t\t\t\t\t<div class='evcal_evdata_cell' data-loc_tax_id='36'>\t\t\t\t\t\t\t\n\t\t\t\t\t\t\t\t\t\t<h3 class='evo_h3'><span class='evcal_evdata_icons'><i class='fa fa-map-marker'><\/i><\/span>Lieu<\/h3><p class='evo_location_name'>Temple Neuf<\/p><p class='evo_location_address'>Place du temple neuf <\/p>\n\t\t\t\t\t\t\t\t\t<\/div>\n\t\t\t\t\t\t\t\t<\/div>\n\t\t\t\t\t\t\t<\/div><div class='clear'><\/div>\n\t\t\t\t\t\t\t<\/div><\/div>\n\t\t\t\t\t\t<\/div><div class='evo_metarow_gmap evorow evcal_gmaps bordb ' id='evc177870240069f21102c77a97126_gmap' style='max-width:none'><\/div>\t\t\t\t\t\t<div class='evo_metarow_learnMICS evorow bordb '>\n\t\t\t\t\t\t<div class='tb'>\n\t\t\t\t\t\t\t<div class='tbrow'>\n\t\t\t\t\t\t\t<a class='evcal_col50 dark1 bordr evo_clik_row' href='https:\/\/www.helloasso.com\/associations\/choeur-philharmonique-de-strasbourg\/evenements\/rhapsodies-bohemiennes-repetition-commentee-par-catherine-bolzinger' target=\"_blank\">\t\t\t\t\t\t\t\t<span class='evcal_evdata_row ' >\n\t\t\t\t\t\t\t\t\t<span class='evcal_evdata_icons'><i class='fa fa-link'><\/i><\/span>\n\t\t\t\t\t\t\t\t\t<h3 class='evo_h3'>Learn More<\/h3>\n\t\t\t\t\t\t\t\t<\/span>\n\t\t\t\t\t\t\t<\/a>\t\t\t\t\t\t\n\t\t\t\t\t\t\t<div class='evo_ics evcal_col50 dark1 evo_clik_row' >\n\t\t\t\t\t\t\t\t<div class='evcal_evdata_row'>\n\t\t\t\t\t\t\t\t\t<span class=\"evcal_evdata_icons\"><i class=\"fa fa-calendar\"><\/i><\/span>\n\t\t\t\t\t\t\t\t\t<div class='evcal_evdata_cell'>\n\t\t\t\t\t\t\t\t\t\t<h3 class='evo_h3'><a href='https:\/\/choeur-strasbourg.eu\/wp-admin\/admin-ajax.php?action=eventon_ics_download&amp;event_id=7126&amp;ri=0' class='evo_ics_nCal' title='Add to your calendar'>Calendar<\/a><a href='\/\/www.google.com\/calendar\/event?action=TEMPLATE&amp;text=Rhapsodies+boh%C3%A9miennes+-+r%C3%A9p%C3%A9tition+comment%C3%A9e&amp;dates=20260513T180000Z\/20260513T215000Z&amp;details=%C3%80+l%E2%80%99occasion+de+la+prochaine+r%C3%A9p%C3%A9tition+comment%C3%A9e+du+Choeur+philharmonique+de+Strasbourg%2C+Catherine+Bolzinger+vous+emm%C3%A8nera+dans+les+d%C3%A9tours+de+ses+Rhapsodies+Boh%C3%A9miennes%2C+anecdotes+%C3%A0+la+cl%C3%A9+et+d%C3%A9monstrations+live&amp;location=Temple+Neuf - Place+du+temple+neuf+' target='_blank' class='evo_ics_gCal' title='Add to google calendar'>GoogleCal<\/a><\/h3>\t\n\t\t\t\t\t\t\t\t\t<\/div>\n\t\t\t\t\t\t\t\t<\/div>\n\t\t\t\t\t\t\t<\/div>\n\t\t\t\t\t\t\t<\/div><\/div>\n\t\t\t\t\t\t<\/div>\n\t\t\t\t\t\t<div class='evo_metarow_getDr evorow evcal_evdata_row bordb evcal_evrow_sm getdirections'>\n\t\t\t\t\t\t<form action='https:\/\/maps.google.com\/maps' method='get' target='_blank'>\n\t\t\t\t\t\t<input type='hidden' name='daddr' value=\"Place du temple neuf \"\/> \n\t\t\t\t\t\t<p><input class='evoInput' type='text' name='saddr' placeholder='Entrez votre adresse pour obtenir l&#039;itin\u00e9raire' value=''\/>\n\t\t\t\t\t\t<button type='submit' class='evcal_evdata_icons evcalicon_9' title='voir dans google maps'><i class='fa fa-road'><\/i><\/button>\n\t\t\t\t\t\t<\/p><\/form>\n\t\t\t\t\t<\/div><\/div><div class='clear end'><\/div><\/div><div id=\"event_7125\" class=\"eventon_list_event evo_eventtop  event hasbgimg event_7125_0\" data-event_id=\"7125\" data-ri=\"0r\" data-time=\"1781296200-1781382600\" data-colr=\"#ea5a0c\" itemscope itemtype='http:\/\/schema.org\/Event'><div class=\"evo_boxtop\" style=\"background-image: url(https:\/\/choeur-strasbourg.eu\/wp-content\/uploads\/2025\/09\/Finale-pour-rA\u00a9seaux-1350x1080-1-e1776017128934.jpg); background-color:#ea5a0c;height:200px;\"><\/div><div class=\"evo_event_schema\" style=\"display:none\" ><a itemprop='url'  href='https:\/\/choeur-strasbourg.eu\/en\/events\/bohemian-rhapsodies-sous-la-direction-de-catherine-bolzinger\/'><\/a><span itemprop='name'  >Rhapsodies Boh\u00e9miennes sous la direction de Catherine Bolzinger<\/span><meta itemprop='image' content='https:\/\/choeur-strasbourg.eu\/wp-content\/uploads\/2025\/09\/Finale-pour-rA\u00a9seaux-1350x1080-1-e1776017128934.jpg' \/><meta itemprop='description' content='\r\nRhapsodie : nom f\u00e9minin du grec ancien \u1fe5\u03ac\u03c0\u03c4\u03c9 \/ rh\u00e1pt\u014d, \u00ab coudre \u00bb, et \u1fa0\u03b4\u03ae \/ \u014did\u1e17, \u00ab chant \u00bb, litt\u00e9ralement couture de' \/><meta itemprop='startDate' content='2026-6-12T20:30' \/><meta itemprop='endDate' content='2026-6-13T20:30' \/><meta itemprop='eventStatus' content='on-schedule' \/>\n\t\t\t\t\t\t\t\t\t<item style=\"display:none\" itemprop=\"location\" itemscope itemtype=\"http:\/\/schema.org\/Place\">\n\t\t\t\t\t\t\t\t\t\t<span itemprop=\"name\">Phare Citadelle, Strasbourg<\/span>\n\t\t\t\t\t\t\t\t\t\t<span itemprop=\"address\" itemscope itemtype=\"http:\/\/schema.org\/PostalAddress\">\n\t\t\t\t\t\t\t\t\t\t\t<item itemprop=\"streetAddress\">13 Rue de Nantes, 67100 Strasbourg<\/item>\n\t\t\t\t\t\t\t\t\t\t<\/span><\/item><script type=\"application\/ld+json\">{\t\"@context\": \"http:\/\/schema.org\",\n\t\t\t\t\t\t\t  \t\"@type\": \"Event\",\n\t\t\t\t\t\t\t  \t\"name\": \"Rhapsodies Boh\u00e9miennes sous la direction de Catherine Bolzinger\",\n\t\t\t\t\t\t\t  \t\"startDate\": \"2026-6-12T20-20-30-00\",\n\t\t\t\t\t\t\t  \t\"endDate\": \"2026-6-13T20-20-30-00\",\n\t\t\t\t\t\t\t  \t\"image\":\"https:\/\/choeur-strasbourg.eu\/wp-content\/uploads\/2025\/09\/Finale-pour-rA\u00a9seaux-1350x1080-1-e1776017128934.jpg\",\n\t\t\t\t\t\t\t  \t\"description\":\"\r\nRhapsodie : nom f\u00e9minin du grec ancien \u1fe5\u03ac\u03c0\u03c4\u03c9 \/ rh\u00e1pt\u014d, \u00ab coudre \u00bb, et \u1fa0\u03b4\u03ae \/ \u014did\u1e17, \u00ab chant \u00bb, litt\u00e9ralement couture de\",\n\t\t\t\t\t\t\t  \t\"location\":{\n\t\t\t\t\t\t\t\t\t\t\"@type\":\"Place\",\n\t\t\t\t\t\t\t\t\t\t\"name\":\"Phare Citadelle, Strasbourg\",\n\t\t\t\t\t\t\t\t\t\t\"address\":\"13 Rue de Nantes, 67100 Strasbourg\"\n\t\t\t\t\t\t\t  \t\t}\n\t\t\t\t\t\t\t }<\/script><\/div>\n\t\t\t\t<p class=\"desc_trig_outter\"><a data-gmtrig=\"1\" data-exlk=\"0\" style=\"border-color: #ea5a0c;padding-top: 215px;height: 310px;\" id=\"evc_17812962007125\" class=\"desc_trig mul_val evcal_list_a\" data-ux_val=\"3\"  ><span class='evcal_cblock ' data-bgcolor='#ea5a0c' data-smon='juin' data-syr='2026'><span class='evo_start '><em class='date'>12<\/em><em class='month'>juin<\/em><em class='time'><i t=\"y\">(juin 12)<\/i>20 h 30 min<\/em><\/span><span class='evo_end '><em class='date'>13<\/em><em class='time'><i t=\"y\">(juin 13)<\/i>20 h 30 min<\/em><\/span><em class='clear'><\/em><\/span><span class='evcal_desc evo_info hide_eventtopdata '  data-location_address=\"13 Rue de Nantes, 67100 Strasbourg\" data-location_type=\"address\" data-location_name=\"Phare Citadelle, Strasbourg\" data-location_status=\"true\" ><span class='evo_above_title'><\/span><span class='evcal_desc2 evcal_event_title' itemprop='name'>Rhapsodies Boh\u00e9miennes sous la direction de Catherine Bolzinger<\/span><span class='evo_below_title'><\/span><span class='evcal_desc_info' ><em class=\"evcal_location\"  data-add_str=\"\"><em class=\"event_location_name\">Phare Citadelle, Strasbourg<\/em><\/em><\/span><span class='evcal_desc3'><\/span><\/span><em class='clear'><\/em><\/a><\/p><div class='event_description evcal_eventcard ' style=\"display:none\"><div class='evo_metarow_directimg'><img src='https:\/\/choeur-strasbourg.eu\/wp-content\/uploads\/2025\/09\/Finale-pour-rA\u00a9seaux-1350x1080-1-e1776017128934.jpg' \/><\/div><div class='evo_metarow_details evorow evcal_evdata_row bordb evcal_event_details'>\n\t\t\t\t\t\t\t<div class=\"event_excerpt\" style=\"display:none\"><h3 class=\"padb5 evo_h3\">Informations<\/h3><p>\r\nRhapsodie : nom f\u00e9minin du grec ancien \u1fe5\u03ac\u03c0\u03c4\u03c9 \/ rh\u00e1pt\u014d, \u00ab coudre \u00bb, et \u1fa0\u03b4\u03ae \/ \u014did\u1e17, \u00ab chant \u00bb, litt\u00e9ralement couture de<\/p><\/div><span class='evcal_evdata_icons'><i class='fa fa-commenting'><\/i><\/span>\n\t\t\t\t\t\t\t\n\t\t\t\t\t\t\t<div class='evcal_evdata_cell shorter_desc'><div class='eventon_details_shading_bot'>\n\t\t\t\t\t\t\t\t<p class='eventon_shad_p' content='less'><span class='ev_more_text' data-txt='Fermer'>Lire la suite<\/span><span class='ev_more_arrow'><\/span><\/p>\n\t\t\t\t\t\t\t<\/div><div class='eventon_full_description'>\n\t\t\t\t\t\t\t\t\t<h3 class='padb5 evo_h3'><span class='evcal_evdata_icons'><i class='fa fa-commenting'><\/i><\/span>Informations<\/h3><div class='eventon_desc_in' itemprop='description'>\n\t\t\t\t\t\t\t\t\t<div class=\"x14z9mp xat24cr x1lziwak x1vvkbs xtlvy1s x126k92a\">\n<div dir=\"auto\">Rhapsodie : nom f\u00e9minin du grec ancien \u1fe5\u03ac\u03c0\u03c4\u03c9 \/ rh\u00e1pt\u014d, \u00ab coudre \u00bb, et \u1fa0\u03b4\u03ae \/ \u014did\u1e17, \u00ab chant \u00bb, litt\u00e9ralement couture de chants.<\/div>\n<\/div>\n<div class=\"x14z9mp xat24cr x1lziwak x1vvkbs xtlvy1s x126k92a\">\n<div dir=\"auto\">Les rhapsodies sont un patchwork musical o\u00f9 les styles se rencontrent et dialoguent. \u00c0 cette occasion <strong>Catherine Bolzinger<\/strong> a sorti son d\u00e9 \u00e0 coudre et invit\u00e9 son ami <strong>Marcel Loeffler<\/strong> accord\u00e9oniste manouche de renom, ainsi que <strong>Inga Kazantseva<\/strong>, notre si ch\u00e8re broyeuse d\u2019ivoire, \u00e0 conjuguer leurs talents pour rendre hommage \u00e0 une id\u00e9e centrale : la n\u00e9cessit\u00e9 de la part de l\u2019autre et la beaut\u00e9 de la rencontre du jazz manouche \u00e0 Brahms, avec un clin d\u2019\u0153il malicieux \u00e0 Freddie Mercury.<\/div>\n<\/div>\n<div class=\"x14z9mp xat24cr x1lziwak x1vvkbs xtlvy1s x126k92a\">\n<div dir=\"auto\">Sur sc\u00e8ne, voix, instruments et univers \u00e9clectiques se m\u00ealent et font circuler leur \u00e9nergie libre entre ici, ailleurs et maintenant.<\/div>\n<\/div>\n<p><strong>Vendredi 12 et samedi 13 juin<\/strong><br \/>\n<strong>18h30<\/strong>\u00a0&#8211; Pr\u00e9lude<br \/>\nVoix de Stras&#8217;<br \/>\n<strong>20h30<\/strong> &#8211; Concert<br \/>\nChoeur philharmonique de Strasbourg<br \/>\nInga Kazantseva, piano<br \/>\nMarcel Loeffler Quartet<br \/>\nCatherine Bolzinger, direction<\/p>\n<a href='https:\/\/www.helloasso.com\/associations\/choeur-philharmonique-de-strasbourg\/evenements\/choeur-philharmonique-de-strasbourg-rhapsodies-bohemiennes-1' class='small-button smallorange' target=\"_blank\">Billetterie en ligne<\/a>\n<p>&nbsp;<\/p>\n<\/div><div class='clear'><\/div>\n\t\t\t\t\t\t\t\t<\/div>\n\t\t\t\t\t\t\t<\/div>\n\t\t\t\t\t\t<\/div><div class='evo_metarow_time_location evorow bordb '>\n\t\t\t\t\t\t<div class='tb' >\n\t\t\t\t\t\t\t<div class='tbrow'>\n\t\t\t\t\t\t\t<div class='evcal_col50 bordr'>\n\t\t\t\t\t\t\t\t<div class='evcal_evdata_row evo_time'>\n\t\t\t\t\t\t\t\t\t<span class='evcal_evdata_icons'><i class='fa fa-clock-o'><\/i><\/span>\n\t\t\t\t\t\t\t\t\t<div class='evcal_evdata_cell'>\t\t\t\t\t\t\t\n\t\t\t\t\t\t\t\t\t\t<h3 class='evo_h3'><span class='evcal_evdata_icons'><i class='fa fa-clock-o'><\/i><\/span>horaires<\/h3>\n\t\t\t\t\t\t\t\t\t\t<p>12 (Vendredi) 20 h 30 min - 13 (Samedi) 20 h 30 min<\/p>\n\t\t\t\t\t\t\t\t\t<\/div>\n\t\t\t\t\t\t\t\t<\/div>\n\t\t\t\t\t\t\t<\/div><div class='evcal_col50'>\n\t\t\t\t\t\t\t\t<div class='evcal_evdata_row evo_location'>\n\t\t\t\t\t\t\t\t\t<span class='evcal_evdata_icons'><i class='fa fa-map-marker'><\/i><\/span>\n\t\t\t\t\t\t\t\t\t<div class='evcal_evdata_cell' data-loc_tax_id='75'>\t\t\t\t\t\t\t\n\t\t\t\t\t\t\t\t\t\t<h3 class='evo_h3'><span class='evcal_evdata_icons'><i class='fa fa-map-marker'><\/i><\/span>Lieu<\/h3><p class='evo_location_name'>Phare Citadelle, Strasbourg<\/p><p class='evo_location_address'>13 Rue de Nantes, 67100 Strasbourg<\/p>\n\t\t\t\t\t\t\t\t\t<\/div>\n\t\t\t\t\t\t\t\t<\/div>\n\t\t\t\t\t\t\t<\/div><div class='clear'><\/div>\n\t\t\t\t\t\t\t<\/div><\/div>\n\t\t\t\t\t\t<\/div><div class='evo_metarow_gmap evorow evcal_gmaps bordb ' id='evc178129620069f21102c8e877125_gmap' style='max-width:none'><\/div>\t\t\t\t\t\t<div class='evo_metarow_ICS evorow bordb evcal_evdata_row'>\n\t\t\t\t\t\t\t<span class=\"evcal_evdata_icons\"><i class=\"fa fa-calendar\"><\/i><\/span>\n\t\t\t\t\t\t\t<div class='evcal_evdata_cell'>\n\t\t\t\t\t\t\t\t<p><a href='https:\/\/choeur-strasbourg.eu\/wp-admin\/admin-ajax.php?action=eventon_ics_download&amp;event_id=7125&amp;ri=0' class='evo_ics_nCal' title='Add to your calendar'>Calendar<\/a><a href='\/\/www.google.com\/calendar\/event?action=TEMPLATE&amp;text=Rhapsodies+Boh%C3%A9miennes+sous+la+direction+de+Catherine+Bolzinger&amp;dates=20260612T183000Z\/20260613T183000Z&amp;details=%0D%0ARhapsodie+%3A+nom+f%C3%A9minin+du+grec+ancien+%E1%BF%A5%CE%AC%CF%80%CF%84%CF%89+%2F+rh%C3%A1pt%C5%8D%2C+%C2%AB+coudre+%C2%BB%2C+et+%E1%BE%A0%CE%B4%CE%AE+%2F+%C5%8Did%E1%B8%97%2C+%C2%AB+chant+%C2%BB%2C+litt%C3%A9ralement+couture+de&amp;location=Phare+Citadelle%2C+Strasbourg - 13+Rue+de+Nantes%2C+67100+Strasbourg' target='_blank' class='evo_ics_gCal' title='Add to google calendar'>GoogleCal<\/a><\/p>\t\n\t\t\t\t\t\t\t<\/div>\t\t\t\t\t\t<\/div>\n\t\t\t\t\t\t<div class='evo_metarow_getDr evorow evcal_evdata_row bordb evcal_evrow_sm getdirections'>\n\t\t\t\t\t\t<form action='https:\/\/maps.google.com\/maps' method='get' target='_blank'>\n\t\t\t\t\t\t<input type='hidden' name='daddr' value=\"13 Rue de Nantes, 67100 Strasbourg\"\/> \n\t\t\t\t\t\t<p><input class='evoInput' type='text' name='saddr' placeholder='Entrez votre adresse pour obtenir l&#039;itin\u00e9raire' value=''\/>\n\t\t\t\t\t\t<button type='submit' class='evcal_evdata_icons evcalicon_9' title='voir dans google maps'><i class='fa fa-road'><\/i><\/button>\n\t\t\t\t\t\t<\/p><\/form>\n\t\t\t\t\t<\/div><\/div><div class='clear end'><\/div><\/div>\t\t\t<div class='clear'><\/div>\n\t\t\t<\/div><!-- #evcal_list-->\n\t\t\t<div class='clear'><\/div>\n\n\t\t\t\t\n\t\t\t\n\t\t\t\t\t\t<\/div><!-- .ajde_evcal_calendar-->\n\n\t\t\t<!-- [et_pb_line_break_holder] -->[\/et_pb_code][et_pb_button button_url=&#8221;https:\/\/choeur-strasbourg.eu\/projets-et-agenda\/&#8221; button_text=&#8221;Agenda complet&#8221; admin_label=&#8221;bouton agenda&#8221; module_class=&#8221;bouton00&#8243; _builder_version=&#8221;3.22.7&#8243; custom_button=&#8221;on&#8221; button_text_color=&#8221;#ea5b0c&#8221; button_border_color=&#8221;#ea5b0c&#8221; button_icon=&#8221;%%20%%&#8221; button_icon_color=&#8221;#ffffff&#8221; custom_margin=&#8221;-11px|||||&#8221; animation_style=&#8221;fade&#8221; z_index_tablet=&#8221;500&#8243; global_colors_info=&#8221;{}&#8221;][\/et_pb_button][\/et_pb_column][et_pb_column type=&#8221;1_3&#8243; _builder_version=&#8221;3.0.47&#8243; custom_padding=&#8221;|||&#8221; global_colors_info=&#8221;{}&#8221; custom_padding__hover=&#8221;|||&#8221;][et_pb_button button_url=&#8221;https:\/\/www.helloasso.com\/associations\/le-cercle-des-amis-du-choeur-philharmonique-de-strasbourg\/adhesions\/soutien-au-choeur&#8221; button_text=&#8221;Adh\u00e9rer au Cercle des Amis du Choeur&#8221; _builder_version=&#8221;4.10.7&#8243; _module_preset=&#8221;default&#8221; custom_button=&#8221;on&#8221; button_text_size=&#8221;16px&#8221; button_border_width=&#8221;2px&#8221; custom_margin=&#8221;-3px||18px|||&#8221; custom_padding=&#8221;||2px|||&#8221; global_colors_info=&#8221;{}&#8221;][\/et_pb_button][et_pb_button button_url=&#8221;@ET-DC@eyJkeW5hbWljIjp0cnVlLCJjb250ZW50IjoicG9zdF9saW5rX3VybF9wYWdlIiwic2V0dGluZ3MiOnsicG9zdF9pZCI6IjEyOTQifX0=@&#8221; button_text=&#8221;Inscription \u00e0 la Newsletter du Choeur&#8221; _builder_version=&#8221;4.10.7&#8243; _dynamic_attributes=&#8221;button_url&#8221; _module_preset=&#8221;default&#8221; global_colors_info=&#8221;{}&#8221;][\/et_pb_button][et_pb_code admin_label=&#8221;fil facebook&#8221; _builder_version=&#8221;4.10.7&#8243; link_option_url=&#8221;https:\/\/www.facebook.com\/ChoeurPhilharmoniqueStrasbourg&#8221; z_index_tablet=&#8221;500&#8243; global_colors_info=&#8221;{}&#8221; raw_content__hover_enabled=&#8221;on|desktop&#8221;]<\/p>\n<div id=\"fb-root\"><\/div>\n<p><!-- [et_pb_line_break_holder] --><!-- [et_pb_line_break_holder] --><script async defer crossorigin=\"anonymous\" src=\"https:\/\/connect.facebook.net\/fr_FR\/sdk.js#xfbml=1&#038;version=v15.0\" nonce=\"URaH3g6h\"><\/script><!-- [et_pb_line_break_holder] --><!-- [et_pb_line_break_holder] --><!-- [et_pb_line_break_holder] --><\/p>\n<div class=\"fb-page\" data-href=\"https:\/\/www.facebook.com\/ChoeurPhilharmoniqueStrasbourg\/\" data-tabs=\"timeline\" data-width=\"\" data-height=\"\" data-small-header=\"false\" data-adapt-container-width=\"true\" data-hide-cover=\"false\" data-show-facepile=\"true\"><!-- [et_pb_line_break_holder] --><\/p>\n<blockquote class=\"fb-xfbml-parse-ignore\" cite=\"https:\/\/www.facebook.com\/ChoeurPhilharmoniqueStrasbourg\/\"><p><a href=\"https:\/\/www.facebook.com\/ChoeurPhilharmoniqueStrasbourg\/\">Ch\u0153ur Philharmonique de Strasbourg<\/a><\/p><\/blockquote>\n<p><!-- [et_pb_line_break_holder] --><\/div>\n<p><!-- [et_pb_line_break_holder] --><!-- [et_pb_line_break_holder] -->[\/et_pb_code][\/et_pb_column][\/et_pb_row][\/et_pb_section]<\/p>\n","protected":false},"excerpt":{"rendered":"<p>[et_pb_section fb_built=&#8221;1&#8243; admin_label=&#8221;Section&#8221; _builder_version=&#8221;4.10.7&#8243; background_color=&#8221;#FDE7DC&#8221; custom_margin=&#8221;||0px||false|false&#8221; custom_padding=&#8221;35px||9px||false|false&#8221; z_index_tablet=&#8221;500&#8243; box_shadow_horizontal_tablet=&#8221;0px&#8221; box_shadow_vertical_tablet=&#8221;0px&#8221; box_shadow_blur_tablet=&#8221;40px&#8221; box_shadow_spread_tablet=&#8221;0px&#8221; collapsed=&#8221;off&#8221; global_colors_info=&#8221;{}&#8221;][et_pb_row _builder_version=&#8221;4.10.7&#8243; custom_margin=&#8221;0px||0px||false|false&#8221; custom_padding=&#8221;0px|0px|0px|||&#8221; z_index_tablet=&#8221;500&#8243; box_shadow_horizontal_tablet=&#8221;0px&#8221; box_shadow_vertical_tablet=&#8221;0px&#8221; box_shadow_blur_tablet=&#8221;40px&#8221; box_shadow_spread_tablet=&#8221;0px&#8221; collapsed=&#8221;off&#8221; global_colors_info=&#8221;{}&#8221;][et_pb_column type=&#8221;4_4&#8243; _builder_version=&#8221;3.0.47&#8243; custom_padding=&#8221;0px||0px|&#8221; global_colors_info=&#8221;{}&#8221; custom_padding__hover=&#8221;|||&#8221;][et_pb_slider admin_label=&#8221;Diapo&#8221; _builder_version=&#8221;4.10.7&#8243; _module_preset=&#8221;default&#8221; transform_scale=&#8221;120%|120%&#8221; min_height=&#8221;389px&#8221; custom_margin=&#8221;10px|0px|10px|0px|false|false&#8221; custom_padding=&#8221;0px|0px|23px|0px|false|false&#8221; animation_direction=&#8221;left&#8221; auto=&#8221;on&#8221; auto_speed=&#8221;6000&#8243; hover_transition_duration=&#8221;0ms&#8221; hover_transition_speed_curve=&#8221;linear&#8221; scroll_horizontal_motion=&#8221;0|75|75|100|4|0|-4&#8243; hover_enabled=&#8221;0&#8243; global_colors_info=&#8221;{}&#8221; custom_padding__hover_enabled=&#8221;on|desktop&#8221; sticky_enabled=&#8221;0&#8243;][et_pb_slide button_link=&#8221;https:\/\/choeur-strasbourg.eu\/events\/concert-de-noel-strasbourg\/%20&#8243; _builder_version=&#8221;4.10.7&#8243; _module_preset=&#8221;default&#8221; background_color=&#8221;RGBA(0,0,0,0)&#8221; background_enable_color=&#8221;on&#8221; global_colors_info=&#8221;{}&#8221; sticky_transition=&#8221;on&#8221;] [\/et_pb_slide][et_pb_slide _builder_version=&#8221;4.10.7&#8243; [&hellip;]<\/p>\n","protected":false},"author":1,"featured_media":6478,"parent":0,"menu_order":109,"comment_status":"closed","ping_status":"closed","template":"","meta":{"_et_pb_use_builder":"on","_et_pb_old_content":"<p>[et_pb_section fb_built=\"1\" admin_label=\"Section\" _builder_version=\"4.10.7\" background_color=\"#FDE7DC\" custom_padding=\"||0px|||\" z_index_tablet=\"500\" box_shadow_horizontal_tablet=\"0px\" box_shadow_vertical_tablet=\"0px\" box_shadow_blur_tablet=\"40px\" box_shadow_spread_tablet=\"0px\" collapsed=\"off\" global_colors_info=\"{}\"][et_pb_row _builder_version=\"3.27.3\" custom_padding=\"0px|0px|0px|||\" z_index_tablet=\"500\" box_shadow_horizontal_tablet=\"0px\" box_shadow_vertical_tablet=\"0px\" box_shadow_blur_tablet=\"40px\" box_shadow_spread_tablet=\"0px\" collapsed=\"off\" global_colors_info=\"{}\"][et_pb_column type=\"4_4\" _builder_version=\"3.0.47\" custom_padding=\"0px||0px|\" global_colors_info=\"{}\" custom_padding__hover=\"|||\"][et_pb_image src=\"https:\/\/choeur-strasbourg.eu\/wp-content\/uploads\/2023\/04\/StPaul_Site-Cover-scaled.jpg\" title_text=\"StPaul_Site-Cover\" align=\"center\" _builder_version=\"4.10.7\" _module_preset=\"default\" custom_padding=\"||0px|||\" hover_enabled=\"0\" global_colors_info=\"{}\" sticky_enabled=\"0\" min_height=\"447px\"][\/et_pb_image][\/et_pb_column][\/et_pb_row][\/et_pb_section][et_pb_section fb_built=\"1\" custom_padding_last_edited=\"on|tablet\" module_class=\"orangeMotif\" _builder_version=\"3.22.7\" background_color=\"#fde7dc\" background_image=\"https:\/\/choeur-strasbourg.eu\/wp-content\/uploads\/2019\/05\/motif-blanc4.svg\" background_size=\"initial\" background_position=\"bottom_left\" inner_width_tablet=\"50px\" inner_max_width_tablet=\"50px\" custom_margin_last_edited=\"off|desktop\" custom_padding_tablet=\"0px||0px|\" custom_padding_phone=\"\" z_index_tablet=\"500\" global_colors_info=\"{}\"][et_pb_row column_structure=\"1_3,1_3,1_3\" use_custom_gutter=\"on\" make_equal=\"on\" _builder_version=\"4.4.5\" min_height=\"1053.4px\" custom_padding=\"48px|||||\" z_index_tablet=\"500\" global_colors_info=\"{}\"][et_pb_column type=\"1_3\" _builder_version=\"3.0.47\" custom_padding=\"|||\" global_colors_info=\"{}\" custom_padding__hover=\"|||\"][et_pb_text admin_label=\"vivez l'\u00e9motion\" _builder_version=\"4.4.8\" custom_margin_tablet=\"||20px|\" custom_margin_phone=\"\" custom_margin_last_edited=\"on|phone\" z_index_tablet=\"500\" global_colors_info=\"{}\"]<\/p><h3>Actualit\u00e9s<\/h3><p>[\/et_pb_text][et_pb_blog posts_number=\"2\" include_categories=\"16\" meta_date=\"j M Y\" use_manual_excerpt=\"off\" excerpt_length=\"0\" show_author=\"off\" show_date=\"off\" show_categories=\"off\" show_excerpt=\"off\" show_pagination=\"off\" admin_label=\"derni\u00e8re actualit\u00e9\" module_class=\"agendaHome\" _builder_version=\"4.4.8\" body_line_height=\"1.4em\" background_color=\"#ffffff\" custom_padding=\"15px|15px|10px|15px\" z_index_tablet=\"500\" header_text_shadow_horizontal_length_tablet=\"0px\" header_text_shadow_vertical_length_tablet=\"0px\" header_text_shadow_blur_strength_tablet=\"1px\" body_text_shadow_horizontal_length_tablet=\"0px\" body_text_shadow_vertical_length_tablet=\"0px\" body_text_shadow_blur_strength_tablet=\"1px\" meta_text_shadow_horizontal_length_tablet=\"0px\" meta_text_shadow_vertical_length_tablet=\"0px\" meta_text_shadow_blur_strength_tablet=\"1px\" read_more_text_shadow_horizontal_length_tablet=\"0px\" read_more_text_shadow_vertical_length_tablet=\"0px\" read_more_text_shadow_blur_strength_tablet=\"1px\" pagination_text_shadow_horizontal_length_tablet=\"0px\" pagination_text_shadow_vertical_length_tablet=\"0px\" pagination_text_shadow_blur_strength_tablet=\"1px\" body_link_text_shadow_horizontal_length_tablet=\"0px\" body_link_text_shadow_vertical_length_tablet=\"0px\" body_link_text_shadow_blur_strength_tablet=\"1px\" body_ul_text_shadow_horizontal_length_tablet=\"0px\" body_ul_text_shadow_vertical_length_tablet=\"0px\" body_ul_text_shadow_blur_strength_tablet=\"1px\" body_ol_text_shadow_horizontal_length_tablet=\"0px\" body_ol_text_shadow_vertical_length_tablet=\"0px\" body_ol_text_shadow_blur_strength_tablet=\"1px\" body_quote_text_shadow_horizontal_length_tablet=\"0px\" body_quote_text_shadow_vertical_length_tablet=\"0px\" body_quote_text_shadow_blur_strength_tablet=\"1px\" box_shadow_horizontal_tablet=\"0px\" box_shadow_vertical_tablet=\"0px\" box_shadow_blur_tablet=\"40px\" box_shadow_spread_tablet=\"0px\" box_shadow_horizontal_image_tablet=\"0px\" box_shadow_vertical_image_tablet=\"0px\" box_shadow_blur_image_tablet=\"40px\" box_shadow_spread_image_tablet=\"0px\" text_shadow_horizontal_length_tablet=\"0px\" text_shadow_vertical_length_tablet=\"0px\" text_shadow_blur_strength_tablet=\"1px\" global_colors_info=\"{}\"][\/et_pb_blog][et_pb_button button_url=\"https:\/\/choeur-strasbourg.eu\/actualites\/\" button_text=\"Toutes les actualit\u00e9s\" admin_label=\"bouton actualit\u00e9s\" module_class=\"bouton00\" _builder_version=\"3.22.7\" custom_button=\"on\" button_text_color=\"#ea5b0c\" button_border_color=\"#ea5b0c\" button_icon=\"%%20%%\" button_icon_color=\"#ffffff\" custom_margin=\"20px|||\" animation_style=\"fade\" z_index_tablet=\"500\" global_colors_info=\"{}\"][\/et_pb_button][\/et_pb_column][et_pb_column type=\"1_3\" _builder_version=\"3.0.47\" custom_padding=\"|||\" global_colors_info=\"{}\" custom_padding__hover=\"|||\"][et_pb_text admin_label=\"Agenda\" _builder_version=\"3.27.4\" custom_margin_tablet=\"||20px|\" custom_margin_phone=\"\" custom_margin_last_edited=\"on|tablet\" z_index_tablet=\"500\" box_shadow_horizontal_tablet=\"0px\" box_shadow_vertical_tablet=\"0px\" box_shadow_blur_tablet=\"40px\" box_shadow_spread_tablet=\"0px\" global_colors_info=\"{}\"]<\/p><h3>Agenda<\/h3><p>[\/et_pb_text][et_pb_code admin_label=\"Code agenda - 2 dates\" module_class=\"agendaHome\" _builder_version=\"4.4.5\" z_index_tablet=\"500\" global_colors_info=\"{}\"][add_eventon_el number_of_months=\"15\" event_count=\"2\" tiles=\"yes\" tile_count=\"1\" tile_bg=\"1\" tile_style=\"1\" ux_val=\"3\" hide_end_time=\"no\"]<!-- [et_pb_line_break_holder] -->[\/et_pb_code][et_pb_button button_url=\"https:\/\/choeur-strasbourg.eu\/projets-et-agenda\/\" button_text=\"Agenda complet\" admin_label=\"bouton agenda\" module_class=\"bouton00\" _builder_version=\"3.22.7\" custom_button=\"on\" button_text_color=\"#ea5b0c\" button_border_color=\"#ea5b0c\" button_icon=\"%%20%%\" button_icon_color=\"#ffffff\" custom_margin=\"20px|||\" animation_style=\"fade\" z_index_tablet=\"500\" global_colors_info=\"{}\"][\/et_pb_button][\/et_pb_column][et_pb_column type=\"1_3\" _builder_version=\"3.0.47\" custom_padding=\"|||\" global_colors_info=\"{}\" custom_padding__hover=\"|||\"][et_pb_text admin_label=\"Suivez-nous !\" _builder_version=\"4.4.5\" custom_margin_tablet=\"||20px|\" custom_margin_phone=\"\" custom_margin_last_edited=\"on|tablet\" link_option_url=\"https:\/\/choeur-strasbourg.eu\/presentation\/\" z_index_tablet=\"500\" global_colors_info=\"{}\"]<\/p><h3>Suivez-nous !<\/h3><p>[\/et_pb_text][et_pb_code admin_label=\"fil facebook\" _builder_version=\"4.10.7\" link_option_url=\"https:\/\/www.facebook.com\/ChoeurPhilharmoniqueStrasbourg\" z_index_tablet=\"500\" global_colors_info=\"{}\" raw_content__hover_enabled=\"on|desktop\"]<\/p><div id=\"fb-root\">\u00a0<\/div><p><!-- [et_pb_line_break_holder] --><script async defer crossorigin=\"anonymous\" src=\"https:\/\/connect.facebook.net\/fr_FR\/sdk.js#xfbml=1&version=v15.0\" nonce=\"URaH3g6h\"><\/script><!-- [et_pb_line_break_holder] --><!-- [et_pb_line_break_holder] --><\/p><div class=\"fb-page\" data-href=\"https:\/\/www.facebook.com\/ChoeurPhilharmoniqueStrasbourg\/\" data-tabs=\"timeline\" data-width=\"\" data-height=\"\" data-small-header=\"false\" data-adapt-container-width=\"true\" data-hide-cover=\"false\" data-show-facepile=\"true\"><blockquote class=\"fb-xfbml-parse-ignore\" cite=\"https:\/\/www.facebook.com\/ChoeurPhilharmoniqueStrasbourg\/\"><p><a href=\"https:\/\/www.facebook.com\/ChoeurPhilharmoniqueStrasbourg\/\">Ch\u0153ur Philharmonique de Strasbourg<\/a><\/p><\/blockquote><\/div><p><!-- [et_pb_line_break_holder] -->[\/et_pb_code][\/et_pb_column][\/et_pb_row][\/et_pb_section]<\/p>","_et_gb_content_width":"","footnotes":""},"class_list":["post-1209","page","type-page","status-publish","has-post-thumbnail","hentry"],"yoast_head":"<!-- This site is optimized with the Yoast SEO plugin v26.0 - https:\/\/yoast.com\/wordpress\/plugins\/seo\/ -->\n<title>Le Choeur Philharmonique de Strasbourg - Accueil<\/title>\n<meta name=\"description\" content=\"Choeur Philharmonique de Strasbourg, direction Catherine Bolzinger. Agenda. Actualit\u00e9s. Partenaires.\" \/>\n<meta name=\"robots\" content=\"index, follow, max-snippet:-1, max-image-preview:large, max-video-preview:-1\" \/>\n<link rel=\"canonical\" href=\"https:\/\/choeur-strasbourg.eu\/en\/accueil-2\/\" \/>\n<meta property=\"og:locale\" content=\"en_US\" \/>\n<meta property=\"og:type\" content=\"article\" \/>\n<meta property=\"og:title\" content=\"Le Choeur Philharmonique de Strasbourg - Accueil\" \/>\n<meta property=\"og:description\" content=\"Choeur Philharmonique de Strasbourg, direction Catherine Bolzinger. Agenda. Actualit\u00e9s. Partenaires.\" \/>\n<meta property=\"og:url\" content=\"https:\/\/choeur-strasbourg.eu\/en\/accueil-2\/\" \/>\n<meta property=\"og:site_name\" content=\"Le Choeur Philharmonique de Strasbourg\" \/>\n<meta property=\"article:publisher\" content=\"https:\/\/www.facebook.com\/ChoeurPhilharmoniqueStrasbourg\/\" \/>\n<meta property=\"article:modified_time\" content=\"2026-01-16T14:15:20+00:00\" \/>\n<meta property=\"og:image\" content=\"https:\/\/choeur-strasbourg.eu\/wp-content\/uploads\/2022\/09\/saison24-25_CPS.png\" \/>\n<meta name=\"twitter:card\" content=\"summary_large_image\" \/>\n<meta name=\"twitter:label1\" content=\"Est. reading time\" \/>\n\t<meta name=\"twitter:data1\" content=\"6 minutes\" \/>\n<script type=\"application\/ld+json\" class=\"yoast-schema-graph\">{\"@context\":\"https:\/\/schema.org\",\"@graph\":[{\"@type\":\"WebPage\",\"@id\":\"https:\/\/choeur-strasbourg.eu\/en\/accueil-2\/\",\"url\":\"https:\/\/choeur-strasbourg.eu\/en\/accueil-2\/\",\"name\":\"Le Choeur Philharmonique de Strasbourg - Accueil\",\"isPartOf\":{\"@id\":\"https:\/\/choeur-strasbourg.eu\/#website\"},\"primaryImageOfPage\":{\"@id\":\"https:\/\/choeur-strasbourg.eu\/en\/accueil-2\/#primaryimage\"},\"image\":{\"@id\":\"https:\/\/choeur-strasbourg.eu\/en\/accueil-2\/#primaryimage\"},\"thumbnailUrl\":\"https:\/\/choeur-strasbourg.eu\/wp-content\/uploads\/2022\/09\/saison24-25_CPS.png\",\"datePublished\":\"2019-05-21T15:34:29+00:00\",\"dateModified\":\"2026-01-16T14:15:20+00:00\",\"description\":\"Choeur Philharmonique de Strasbourg, direction Catherine Bolzinger. Agenda. Actualit\u00e9s. Partenaires.\",\"breadcrumb\":{\"@id\":\"https:\/\/choeur-strasbourg.eu\/en\/accueil-2\/#breadcrumb\"},\"inLanguage\":\"en-US\",\"potentialAction\":[{\"@type\":\"ReadAction\",\"target\":[\"https:\/\/choeur-strasbourg.eu\/en\/accueil-2\/\"]}]},{\"@type\":\"ImageObject\",\"inLanguage\":\"en-US\",\"@id\":\"https:\/\/choeur-strasbourg.eu\/en\/accueil-2\/#primaryimage\",\"url\":\"https:\/\/choeur-strasbourg.eu\/wp-content\/uploads\/2022\/09\/saison24-25_CPS.png\",\"contentUrl\":\"https:\/\/choeur-strasbourg.eu\/wp-content\/uploads\/2022\/09\/saison24-25_CPS.png\",\"width\":1284,\"height\":1132},{\"@type\":\"BreadcrumbList\",\"@id\":\"https:\/\/choeur-strasbourg.eu\/en\/accueil-2\/#breadcrumb\",\"itemListElement\":[{\"@type\":\"ListItem\",\"position\":1,\"name\":\"Accueil\",\"item\":\"https:\/\/choeur-strasbourg.eu\/en\/accueil-2\/\"},{\"@type\":\"ListItem\",\"position\":2,\"name\":\"Accueil\"}]},{\"@type\":\"WebSite\",\"@id\":\"https:\/\/choeur-strasbourg.eu\/#website\",\"url\":\"https:\/\/choeur-strasbourg.eu\/\",\"name\":\"Le Choeur Philharmonique de Strasbourg\",\"description\":\"Catherine bolzinger\",\"publisher\":{\"@id\":\"https:\/\/choeur-strasbourg.eu\/#organization\"},\"potentialAction\":[{\"@type\":\"SearchAction\",\"target\":{\"@type\":\"EntryPoint\",\"urlTemplate\":\"https:\/\/choeur-strasbourg.eu\/?s={search_term_string}\"},\"query-input\":{\"@type\":\"PropertyValueSpecification\",\"valueRequired\":true,\"valueName\":\"search_term_string\"}}],\"inLanguage\":\"en-US\"},{\"@type\":\"Organization\",\"@id\":\"https:\/\/choeur-strasbourg.eu\/#organization\",\"name\":\"Choeur Philharmonique de Strasbourg\",\"url\":\"https:\/\/choeur-strasbourg.eu\/\",\"logo\":{\"@type\":\"ImageObject\",\"inLanguage\":\"en-US\",\"@id\":\"https:\/\/choeur-strasbourg.eu\/#\/schema\/logo\/image\/\",\"url\":\"https:\/\/choeur-strasbourg.eu\/wp-content\/uploads\/2019\/05\/choeur-philarmonique-strasbourg.svg\",\"contentUrl\":\"https:\/\/choeur-strasbourg.eu\/wp-content\/uploads\/2019\/05\/choeur-philarmonique-strasbourg.svg\",\"width\":1,\"height\":1,\"caption\":\"Choeur Philharmonique de Strasbourg\"},\"image\":{\"@id\":\"https:\/\/choeur-strasbourg.eu\/#\/schema\/logo\/image\/\"},\"sameAs\":[\"https:\/\/www.facebook.com\/ChoeurPhilharmoniqueStrasbourg\/\"]}]}<\/script>\n<!-- \/ Yoast SEO plugin. -->","yoast_head_json":{"title":"Le Choeur Philharmonique de Strasbourg - Accueil","description":"Choeur Philharmonique de Strasbourg, direction Catherine Bolzinger. Agenda. Actualit\u00e9s. Partenaires.","robots":{"index":"index","follow":"follow","max-snippet":"max-snippet:-1","max-image-preview":"max-image-preview:large","max-video-preview":"max-video-preview:-1"},"canonical":"https:\/\/choeur-strasbourg.eu\/en\/accueil-2\/","og_locale":"en_US","og_type":"article","og_title":"Le Choeur Philharmonique de Strasbourg - Accueil","og_description":"Choeur Philharmonique de Strasbourg, direction Catherine Bolzinger. Agenda. Actualit\u00e9s. Partenaires.","og_url":"https:\/\/choeur-strasbourg.eu\/en\/accueil-2\/","og_site_name":"Le Choeur Philharmonique de Strasbourg","article_publisher":"https:\/\/www.facebook.com\/ChoeurPhilharmoniqueStrasbourg\/","article_modified_time":"2026-01-16T14:15:20+00:00","og_image":[{"url":"https:\/\/choeur-strasbourg.eu\/wp-content\/uploads\/2022\/09\/saison24-25_CPS.png","type":"","width":"","height":""}],"twitter_card":"summary_large_image","twitter_misc":{"Est. reading time":"6 minutes"},"schema":{"@context":"https:\/\/schema.org","@graph":[{"@type":"WebPage","@id":"https:\/\/choeur-strasbourg.eu\/en\/accueil-2\/","url":"https:\/\/choeur-strasbourg.eu\/en\/accueil-2\/","name":"Le Choeur Philharmonique de Strasbourg - Accueil","isPartOf":{"@id":"https:\/\/choeur-strasbourg.eu\/#website"},"primaryImageOfPage":{"@id":"https:\/\/choeur-strasbourg.eu\/en\/accueil-2\/#primaryimage"},"image":{"@id":"https:\/\/choeur-strasbourg.eu\/en\/accueil-2\/#primaryimage"},"thumbnailUrl":"https:\/\/choeur-strasbourg.eu\/wp-content\/uploads\/2022\/09\/saison24-25_CPS.png","datePublished":"2019-05-21T15:34:29+00:00","dateModified":"2026-01-16T14:15:20+00:00","description":"Choeur Philharmonique de Strasbourg, direction Catherine Bolzinger. Agenda. Actualit\u00e9s. Partenaires.","breadcrumb":{"@id":"https:\/\/choeur-strasbourg.eu\/en\/accueil-2\/#breadcrumb"},"inLanguage":"en-US","potentialAction":[{"@type":"ReadAction","target":["https:\/\/choeur-strasbourg.eu\/en\/accueil-2\/"]}]},{"@type":"ImageObject","inLanguage":"en-US","@id":"https:\/\/choeur-strasbourg.eu\/en\/accueil-2\/#primaryimage","url":"https:\/\/choeur-strasbourg.eu\/wp-content\/uploads\/2022\/09\/saison24-25_CPS.png","contentUrl":"https:\/\/choeur-strasbourg.eu\/wp-content\/uploads\/2022\/09\/saison24-25_CPS.png","width":1284,"height":1132},{"@type":"BreadcrumbList","@id":"https:\/\/choeur-strasbourg.eu\/en\/accueil-2\/#breadcrumb","itemListElement":[{"@type":"ListItem","position":1,"name":"Accueil","item":"https:\/\/choeur-strasbourg.eu\/en\/accueil-2\/"},{"@type":"ListItem","position":2,"name":"Accueil"}]},{"@type":"WebSite","@id":"https:\/\/choeur-strasbourg.eu\/#website","url":"https:\/\/choeur-strasbourg.eu\/","name":"Le Choeur Philharmonique de Strasbourg","description":"Catherine bolzinger","publisher":{"@id":"https:\/\/choeur-strasbourg.eu\/#organization"},"potentialAction":[{"@type":"SearchAction","target":{"@type":"EntryPoint","urlTemplate":"https:\/\/choeur-strasbourg.eu\/?s={search_term_string}"},"query-input":{"@type":"PropertyValueSpecification","valueRequired":true,"valueName":"search_term_string"}}],"inLanguage":"en-US"},{"@type":"Organization","@id":"https:\/\/choeur-strasbourg.eu\/#organization","name":"Choeur Philharmonique de Strasbourg","url":"https:\/\/choeur-strasbourg.eu\/","logo":{"@type":"ImageObject","inLanguage":"en-US","@id":"https:\/\/choeur-strasbourg.eu\/#\/schema\/logo\/image\/","url":"https:\/\/choeur-strasbourg.eu\/wp-content\/uploads\/2019\/05\/choeur-philarmonique-strasbourg.svg","contentUrl":"https:\/\/choeur-strasbourg.eu\/wp-content\/uploads\/2019\/05\/choeur-philarmonique-strasbourg.svg","width":1,"height":1,"caption":"Choeur Philharmonique de Strasbourg"},"image":{"@id":"https:\/\/choeur-strasbourg.eu\/#\/schema\/logo\/image\/"},"sameAs":["https:\/\/www.facebook.com\/ChoeurPhilharmoniqueStrasbourg\/"]}]}},"_links":{"self":[{"href":"https:\/\/choeur-strasbourg.eu\/en\/wp-json\/wp\/v2\/pages\/1209","targetHints":{"allow":["GET"]}}],"collection":[{"href":"https:\/\/choeur-strasbourg.eu\/en\/wp-json\/wp\/v2\/pages"}],"about":[{"href":"https:\/\/choeur-strasbourg.eu\/en\/wp-json\/wp\/v2\/types\/page"}],"author":[{"embeddable":true,"href":"https:\/\/choeur-strasbourg.eu\/en\/wp-json\/wp\/v2\/users\/1"}],"replies":[{"embeddable":true,"href":"https:\/\/choeur-strasbourg.eu\/en\/wp-json\/wp\/v2\/comments?post=1209"}],"version-history":[{"count":213,"href":"https:\/\/choeur-strasbourg.eu\/en\/wp-json\/wp\/v2\/pages\/1209\/revisions"}],"predecessor-version":[{"id":7363,"href":"https:\/\/choeur-strasbourg.eu\/en\/wp-json\/wp\/v2\/pages\/1209\/revisions\/7363"}],"wp:featuredmedia":[{"embeddable":true,"href":"https:\/\/choeur-strasbourg.eu\/en\/wp-json\/wp\/v2\/media\/6478"}],"wp:attachment":[{"href":"https:\/\/choeur-strasbourg.eu\/en\/wp-json\/wp\/v2\/media?parent=1209"}],"curies":[{"name":"wp","href":"https:\/\/api.w.org\/{rel}","templated":true}]}}